{"id":8318,"date":"2023-01-26T09:39:59","date_gmt":"2023-01-26T08:39:59","guid":{"rendered":"https:\/\/ci.ccediaf.org\/?page_id=8318"},"modified":"2023-01-27T14:57:39","modified_gmt":"2023-01-27T13:57:39","slug":"actualites","status":"publish","type":"page","link":"https:\/\/ci.ccediaf.org\/?page_id=8318","title":{"rendered":"Actualit\u00e9s"},"content":{"rendered":"\t\t<div data-elementor-type=\"wp-page\" data-elementor-id=\"8318\" class=\"elementor elementor-8318\">\n\t\t\t\t\t\t<section class=\"elementor-section elementor-top-section elementor-element elementor-element-72e6c4a4 tm-bgcolor-grey elementor-section-stretched tm-column-break-ipad-no tm-col-stretched-none elementor-section-boxed elementor-section-height-default elementor-section-height-default\" data-id=\"72e6c4a4\" data-element_type=\"section\" data-settings=\"{&quot;stretch_section&quot;:&quot;section-stretched&quot;}\">\n\t\t\t\t\t\t<div class=\"elementor-container elementor-column-gap-default\">\n\t\t\t\t\t<div class=\"elementor-column elementor-col-100 elementor-top-column elementor-element elementor-element-1ae37d31\" data-id=\"1ae37d31\" data-element_type=\"column\">\n\t\t\t<div class=\"elementor-widget-wrap elementor-element-populated\">\n\t\t\t\t\t\t<div class=\"elementor-element elementor-element-2a5f48fa tm-align-center elementor-widget elementor-widget-tm_heading\" data-id=\"2a5f48fa\" data-element_type=\"widget\" data-widget_type=\"tm_heading.default\">\n\t\t\t\t<div class=\"elementor-widget-container\">\n\t\t\t<div class=\"tm-element-heading-content-wrapper center-align tm-reverse-heading-yes tm-seperator-solid  tm-heading-style-vertical \"><div class=\"tm-content-header\"><h2 class=\"tm-element-content-heading tm-custom-heading \">\n\t\t\t\t <cite><span style=\"color: #194322\">Consultez nos derni\u00e8res nouvelles<\/span> <\/cite>\n\t\t\t<\/h2>\n\t\t<div class=\"heading-seperator\"><span><\/span><\/div><\/div><\/div>\t\t<\/div>\n\t\t\t\t<\/div>\n\t\t\t\t\t<\/div>\n\t\t<\/div>\n\t\t\t\t\t<\/div>\n\t\t<\/section>\n\t\t\t\t<section class=\"elementor-section elementor-top-section elementor-element elementor-element-569ec467 tm-column-break-ipad-yes elementor-section-stretched tm-col-stretched-none elementor-section-boxed elementor-section-height-default elementor-section-height-default\" data-id=\"569ec467\" data-element_type=\"section\" data-settings=\"{&quot;stretch_section&quot;:&quot;section-stretched&quot;}\">\n\t\t\t\t\t\t<div class=\"elementor-container elementor-column-gap-default\">\n\t\t\t\t\t<div class=\"elementor-column elementor-col-100 elementor-top-column elementor-element elementor-element-6e248f27\" data-id=\"6e248f27\" data-element_type=\"column\">\n\t\t\t<div class=\"elementor-widget-wrap elementor-element-populated\">\n\t\t\t\t\t\t<div class=\"elementor-element elementor-element-42388be2 tm-align-left elementor-widget elementor-widget-tm_blog_element\" data-id=\"42388be2\" data-element_type=\"widget\" data-widget_type=\"tm_blog_element.default\">\n\t\t\t\t<div class=\"elementor-widget-container\">\n\t\t\t<div class=\"themetechmount-boxes themetechmount-boxes-blog themetechmount-element-blogbox-blog-style-two themetechmount-boxes-view-carousel themetechmount-boxes-col-four tm-boxes-carousel-arrow- tm-boxes-carousel-arrows-0 themetechmount-boxes-textalign-left themetechmount-boxes-spacing-30px\" data-tm-show=\"6\" data-tm-loop=\"1\" data-tm-autoplay=\"1\" data-tm-centermode=\"0\" data-tm-nav=\"\" data-tm-dots=\"\" data-tm-slidestoscroll=\"1\" data-tm-autoplayspeed=\"4500\" data-tm-margin=\"30px\"><div class=\"themetechmount-boxes-inner\">\n\t\t\t<div class=\"themetechmount-box-heading-wrapper tm-boxwithout-heading\">\n\t\t\t\t<div class=\"tm-element-heading-content-wrapper left-align tm-reverse-heading-yes tm-seperator-none  tm-heading-style-vertical \"><div class=\"tm-content-header\"><div class=\"heading-seperator\"><span><\/span><\/div><\/div><\/div>\t\t\t\t\t\t\t<\/div>\n\n\t\t\t<div class=\"themetechmount-boxes-row-wrapper row multi-columns-row\">\n\n\t\t\t<div class=\"tm-box-col-wrapper  actualites col-lg-3 col-sm-6 col-md-3 col-xs-12\"><article class=\"themetechmount-box themetechmount-box-blog themetechmount-blogbox-style-two themetechmount-blogbox-format- \">\n\t<div class=\"post-item\">\n\t\t<div class=\"themetechmount-box-content\">\t\t\n\t\t\t<div class=\"tm-featured-outer-wrapper tm-post-featured-outer-wrapper\">\n\t\t\t\t<div class=\"tm-featured-wrapper tm-post-featured-wrapper tm-post-format-\"><a href=\"https:\/\/ci.ccediaf.org\/?p=9483\"><img fetchpriority=\"high\" decoding=\"async\" width=\"654\" height=\"490\" src=\"https:\/\/ci.ccediaf.org\/wp-content\/uploads\/2023\/04\/IMG-20230403-WA0002-654x490.jpg\" class=\"attachment-themetechmount-img-blog-top size-themetechmount-img-blog-top wp-post-image\" alt=\"\" data-id=\"9484\" \/><\/a><\/div>\t\t\t\t<div class=\"tm-box-post-date\">\n\t\t\t\t\t<span>28<\/span>\n\t\t\t\t\tAvr\t\t\t\t<\/div>\t\n\t\t\t\t<div class=\"tm-blog-overlay-iconbox\">\n\t\t\t\t\t<a href=\"https:\/\/ci.ccediaf.org\/?p=9483\" rel=\"bookmark\"><i class=\"tm-anomica-icon-plus-1\"><\/i><\/a>\n\t\t\t\t<\/div>\n\t\t\t<\/div>\t\t\n\t\t\t<div class=\"themetechmount-box-desc\">\n\t\t\t\t<div class=\"entry-header\">\n\t\t\t\t\t<div class=\"themetechmount-box-title\"><h4><a href=\"https:\/\/ci.ccediaf.org\/?p=9483\">RENCONTRE CCEDIAF-CI, BNI, FSA<\/a><\/h4><\/div>\t\t\t\t\t<div class=\"tm-entry-meta-wrapper\"><div class=\"entry-meta tm-entry-meta tm-entry-meta-blogbox\"><span class=\"tm-meta-line byline\"><i class=\"fa fa-user\"><\/i> <span class=\"author vcard\"><span class=\"screen-reader-text tm-hide\">Author <\/span><a class=\"url fn n\" href=\"https:\/\/ci.ccediaf.org\/?author=86\">moro<\/a><\/span><\/span><\/div><\/div>\t\t\t\t<\/div>\t\t\n\t\t\t\t<div class=\"themetechmount-box-desc-text\">RENCONTRE CCEDIAF-CI, BNI, FSA Ce Lundi 3 Avril 2O23 s'est tenue une s\u00e9ance de travail entre le...<\/div>\n\t\t\t    <div class=\"themetechmount-box-desc-footer\">\n\t\t\t\t\t<div class=\"themetechmount-blogbox-desc-footer\">\n\t\t\t\t\t\t\t\t\t\t\t<\/div>\n\t\t\t\t<\/div>\t\t\n\t\t\t<\/div>\n        <\/div>\n\t<\/div>\n<\/article>\n<\/div><div class=\"tm-box-col-wrapper  actualites col-lg-3 col-sm-6 col-md-3 col-xs-12\"><article class=\"themetechmount-box themetechmount-box-blog themetechmount-blogbox-style-two themetechmount-blogbox-format- \">\n\t<div class=\"post-item\">\n\t\t<div class=\"themetechmount-box-content\">\t\t\n\t\t\t<div class=\"tm-featured-outer-wrapper tm-post-featured-outer-wrapper\">\n\t\t\t\t<div class=\"tm-featured-wrapper tm-post-featured-wrapper tm-post-format-\"><a href=\"https:\/\/ci.ccediaf.org\/?p=9460\"><img decoding=\"async\" width=\"654\" height=\"490\" src=\"https:\/\/ci.ccediaf.org\/wp-content\/uploads\/2023\/04\/IMG-20230407-WA0003-654x490.jpg\" class=\"attachment-themetechmount-img-blog-top size-themetechmount-img-blog-top wp-post-image\" alt=\"\" data-id=\"9461\" \/><\/a><\/div>\t\t\t\t<div class=\"tm-box-post-date\">\n\t\t\t\t\t<span>28<\/span>\n\t\t\t\t\tAvr\t\t\t\t<\/div>\t\n\t\t\t\t<div class=\"tm-blog-overlay-iconbox\">\n\t\t\t\t\t<a href=\"https:\/\/ci.ccediaf.org\/?p=9460\" rel=\"bookmark\"><i class=\"tm-anomica-icon-plus-1\"><\/i><\/a>\n\t\t\t\t<\/div>\n\t\t\t<\/div>\t\t\n\t\t\t<div class=\"themetechmount-box-desc\">\n\t\t\t\t<div class=\"entry-header\">\n\t\t\t\t\t<div class=\"themetechmount-box-title\"><h4><a href=\"https:\/\/ci.ccediaf.org\/?p=9460\">VISITE DU CCEDIAF-CI DANS LE N&rsquo;ZI<\/a><\/h4><\/div>\t\t\t\t\t<div class=\"tm-entry-meta-wrapper\"><div class=\"entry-meta tm-entry-meta tm-entry-meta-blogbox\"><span class=\"tm-meta-line byline\"><i class=\"fa fa-user\"><\/i> <span class=\"author vcard\"><span class=\"screen-reader-text tm-hide\">Author <\/span><a class=\"url fn n\" href=\"https:\/\/ci.ccediaf.org\/?author=86\">moro<\/a><\/span><\/span><\/div><\/div>\t\t\t\t<\/div>\t\t\n\t\t\t\t<div class=\"themetechmount-box-desc-text\">Dans le cadre de la promotion de l'investissement local et du d\u00e9veloppement d\u00e9centralis\u00e9 de la C?...<\/div>\n\t\t\t    <div class=\"themetechmount-box-desc-footer\">\n\t\t\t\t\t<div class=\"themetechmount-blogbox-desc-footer\">\n\t\t\t\t\t\t\t\t\t\t\t<\/div>\n\t\t\t\t<\/div>\t\t\n\t\t\t<\/div>\n        <\/div>\n\t<\/div>\n<\/article>\n<\/div><div class=\"tm-box-col-wrapper  actualites col-lg-3 col-sm-6 col-md-3 col-xs-12\"><article class=\"themetechmount-box themetechmount-box-blog themetechmount-blogbox-style-two themetechmount-blogbox-format- \">\n\t<div class=\"post-item\">\n\t\t<div class=\"themetechmount-box-content\">\t\t\n\t\t\t<div class=\"tm-featured-outer-wrapper tm-post-featured-outer-wrapper\">\n\t\t\t\t<div class=\"tm-featured-wrapper tm-post-featured-wrapper tm-post-format-\"><a href=\"https:\/\/ci.ccediaf.org\/?p=9391\"><img decoding=\"async\" width=\"654\" height=\"490\" src=\"https:\/\/ci.ccediaf.org\/wp-content\/uploads\/2023\/04\/Flyer-principal-avec-mention-legale-654x490.jpg\" class=\"attachment-themetechmount-img-blog-top size-themetechmount-img-blog-top wp-post-image\" alt=\"\" data-id=\"9393\" \/><\/a><\/div>\t\t\t\t<div class=\"tm-box-post-date\">\n\t\t\t\t\t<span>03<\/span>\n\t\t\t\t\tAvr\t\t\t\t<\/div>\t\n\t\t\t\t<div class=\"tm-blog-overlay-iconbox\">\n\t\t\t\t\t<a href=\"https:\/\/ci.ccediaf.org\/?p=9391\" rel=\"bookmark\"><i class=\"tm-anomica-icon-plus-1\"><\/i><\/a>\n\t\t\t\t<\/div>\n\t\t\t<\/div>\t\t\n\t\t\t<div class=\"themetechmount-box-desc\">\n\t\t\t\t<div class=\"entry-header\">\n\t\t\t\t\t<div class=\"themetechmount-box-title\"><h4><a href=\"https:\/\/ci.ccediaf.org\/?p=9391\">Elections L\u00e9gislatives<\/a><\/h4><\/div>\t\t\t\t\t<div class=\"tm-entry-meta-wrapper\"><div class=\"entry-meta tm-entry-meta tm-entry-meta-blogbox\"><span class=\"tm-meta-line byline\"><i class=\"fa fa-user\"><\/i> <span class=\"author vcard\"><span class=\"screen-reader-text tm-hide\">Author <\/span><a class=\"url fn n\" href=\"https:\/\/ci.ccediaf.org\/?author=88\">CCEDIAF CI<\/a><\/span><\/span><\/div><\/div>\t\t\t\t<\/div>\t\t\n\t\t\t\t<div class=\"themetechmount-box-desc-text\">Les 2 et 16 Avril prochains, vous aurez a \u00e9lire le ou la D\u00e9put\u00e9e qui portera la voix de l'Afrique...<\/div>\n\t\t\t    <div class=\"themetechmount-box-desc-footer\">\n\t\t\t\t\t<div class=\"themetechmount-blogbox-desc-footer\">\n\t\t\t\t\t\t\t\t\t\t\t<\/div>\n\t\t\t\t<\/div>\t\t\n\t\t\t<\/div>\n        <\/div>\n\t<\/div>\n<\/article>\n<\/div><div class=\"tm-box-col-wrapper  actualites col-lg-3 col-sm-6 col-md-3 col-xs-12\"><article class=\"themetechmount-box themetechmount-box-blog themetechmount-blogbox-style-two themetechmount-blogbox-format- \">\n\t<div class=\"post-item\">\n\t\t<div class=\"themetechmount-box-content\">\t\t\n\t\t\t<div class=\"tm-featured-outer-wrapper tm-post-featured-outer-wrapper\">\n\t\t\t\t<div class=\"tm-featured-wrapper tm-post-featured-wrapper tm-post-format-\"><a href=\"https:\/\/ci.ccediaf.org\/?p=9374\"><img loading=\"lazy\" decoding=\"async\" width=\"654\" height=\"490\" src=\"https:\/\/ci.ccediaf.org\/wp-content\/uploads\/2023\/03\/IMG-20230322-WA0004-654x490.jpg\" class=\"attachment-themetechmount-img-blog-top size-themetechmount-img-blog-top wp-post-image\" alt=\"\" srcset=\"https:\/\/ci.ccediaf.org\/wp-content\/uploads\/2023\/03\/IMG-20230322-WA0004-654x490.jpg 654w, https:\/\/ci.ccediaf.org\/wp-content\/uploads\/2023\/03\/IMG-20230322-WA0004-300x225.jpg 300w, https:\/\/ci.ccediaf.org\/wp-content\/uploads\/2023\/03\/IMG-20230322-WA0004-1024x768.jpg 1024w, https:\/\/ci.ccediaf.org\/wp-content\/uploads\/2023\/03\/IMG-20230322-WA0004-768x576.jpg 768w, https:\/\/ci.ccediaf.org\/wp-content\/uploads\/2023\/03\/IMG-20230322-WA0004.jpg 1040w\" sizes=\"(max-width: 654px) 100vw, 654px\" data-id=\"9376\" \/><\/a><\/div>\t\t\t\t<div class=\"tm-box-post-date\">\n\t\t\t\t\t<span>22<\/span>\n\t\t\t\t\tMar\t\t\t\t<\/div>\t\n\t\t\t\t<div class=\"tm-blog-overlay-iconbox\">\n\t\t\t\t\t<a href=\"https:\/\/ci.ccediaf.org\/?p=9374\" rel=\"bookmark\"><i class=\"tm-anomica-icon-plus-1\"><\/i><\/a>\n\t\t\t\t<\/div>\n\t\t\t<\/div>\t\t\n\t\t\t<div class=\"themetechmount-box-desc\">\n\t\t\t\t<div class=\"entry-header\">\n\t\t\t\t\t<div class=\"themetechmount-box-title\"><h4><a href=\"https:\/\/ci.ccediaf.org\/?p=9374\">RENCONTRE ENTRE LE CCEDIAF-CI ET L&rsquo;ARDCI LE MARDI 21 MARS 2023<\/a><\/h4><\/div>\t\t\t\t\t<div class=\"tm-entry-meta-wrapper\"><div class=\"entry-meta tm-entry-meta tm-entry-meta-blogbox\"><span class=\"tm-meta-line byline\"><i class=\"fa fa-user\"><\/i> <span class=\"author vcard\"><span class=\"screen-reader-text tm-hide\">Author <\/span><a class=\"url fn n\" href=\"https:\/\/ci.ccediaf.org\/?author=88\">CCEDIAF CI<\/a><\/span><\/span><\/div><\/div>\t\t\t\t<\/div>\t\t\n\t\t\t\t<div class=\"themetechmount-box-desc-text\">Une d\u00e9l\u00e9gation du CCEDIAF-CI (Club des Chefs d\u2019Entreprises de la Diaspora Ivoirienne et Africain...<\/div>\n\t\t\t    <div class=\"themetechmount-box-desc-footer\">\n\t\t\t\t\t<div class=\"themetechmount-blogbox-desc-footer\">\n\t\t\t\t\t\t\t\t\t\t\t<\/div>\n\t\t\t\t<\/div>\t\t\n\t\t\t<\/div>\n        <\/div>\n\t<\/div>\n<\/article>\n<\/div><div class=\"tm-box-col-wrapper  actualites col-lg-3 col-sm-6 col-md-3 col-xs-12\"><article class=\"themetechmount-box themetechmount-box-blog themetechmount-blogbox-style-two themetechmount-blogbox-format- \">\n\t<div class=\"post-item\">\n\t\t<div class=\"themetechmount-box-content\">\t\t\n\t\t\t<div class=\"tm-featured-outer-wrapper tm-post-featured-outer-wrapper\">\n\t\t\t\t<div class=\"tm-featured-wrapper tm-post-featured-wrapper tm-post-format-\"><a href=\"https:\/\/ci.ccediaf.org\/?p=8447\"><img loading=\"lazy\" decoding=\"async\" width=\"654\" height=\"490\" src=\"https:\/\/ci.ccediaf.org\/wp-content\/uploads\/2023\/01\/IMG-20230118-WA0003-1-654x490.jpg\" class=\"attachment-themetechmount-img-blog-top size-themetechmount-img-blog-top wp-post-image\" alt=\"\" srcset=\"https:\/\/ci.ccediaf.org\/wp-content\/uploads\/2023\/01\/IMG-20230118-WA0003-1-654x490.jpg 654w, https:\/\/ci.ccediaf.org\/wp-content\/uploads\/2023\/01\/IMG-20230118-WA0003-1-300x225.jpg 300w, https:\/\/ci.ccediaf.org\/wp-content\/uploads\/2023\/01\/IMG-20230118-WA0003-1-768x576.jpg 768w, https:\/\/ci.ccediaf.org\/wp-content\/uploads\/2023\/01\/IMG-20230118-WA0003-1.jpg 1008w\" sizes=\"(max-width: 654px) 100vw, 654px\" data-id=\"8449\" \/><\/a><\/div>\t\t\t\t<div class=\"tm-box-post-date\">\n\t\t\t\t\t<span>18<\/span>\n\t\t\t\t\tJan\t\t\t\t<\/div>\t\n\t\t\t\t<div class=\"tm-blog-overlay-iconbox\">\n\t\t\t\t\t<a href=\"https:\/\/ci.ccediaf.org\/?p=8447\" rel=\"bookmark\"><i class=\"tm-anomica-icon-plus-1\"><\/i><\/a>\n\t\t\t\t<\/div>\n\t\t\t<\/div>\t\t\n\t\t\t<div class=\"themetechmount-box-desc\">\n\t\t\t\t<div class=\"entry-header\">\n\t\t\t\t\t<div class=\"themetechmount-box-title\"><h4><a href=\"https:\/\/ci.ccediaf.org\/?p=8447\">DIASPORA IVOIRIENNE DU NIGER<\/a><\/h4><\/div>\t\t\t\t\t<div class=\"tm-entry-meta-wrapper\"><div class=\"entry-meta tm-entry-meta tm-entry-meta-blogbox\"><span class=\"tm-meta-line byline\"><i class=\"fa fa-user\"><\/i> <span class=\"author vcard\"><span class=\"screen-reader-text tm-hide\">Author <\/span><a class=\"url fn n\" href=\"https:\/\/ci.ccediaf.org\/?author=88\">CCEDIAF CI<\/a><\/span><\/span><\/div><\/div>\t\t\t\t<\/div>\t\t\n\t\t\t\t<div class=\"themetechmount-box-desc-text\">Rencontre ce mercredi 18-01-2023 entre la d\u00e9l\u00e9gation du CCEDIAF CI et la communaut\u00e9 des Ivoiriens...<\/div>\n\t\t\t    <div class=\"themetechmount-box-desc-footer\">\n\t\t\t\t\t<div class=\"themetechmount-blogbox-desc-footer\">\n\t\t\t\t\t\t\t\t\t\t\t<\/div>\n\t\t\t\t<\/div>\t\t\n\t\t\t<\/div>\n        <\/div>\n\t<\/div>\n<\/article>\n<\/div><div class=\"tm-box-col-wrapper  actualites col-lg-3 col-sm-6 col-md-3 col-xs-12\"><article class=\"themetechmount-box themetechmount-box-blog themetechmount-blogbox-style-two themetechmount-blogbox-format- \">\n\t<div class=\"post-item\">\n\t\t<div class=\"themetechmount-box-content\">\t\t\n\t\t\t<div class=\"tm-featured-outer-wrapper tm-post-featured-outer-wrapper\">\n\t\t\t\t<div class=\"tm-featured-wrapper tm-post-featured-wrapper tm-post-format-\"><a href=\"https:\/\/ci.ccediaf.org\/?p=8243\"><img loading=\"lazy\" decoding=\"async\" width=\"654\" height=\"490\" src=\"https:\/\/ci.ccediaf.org\/wp-content\/uploads\/2023\/01\/IMG-20230117-WA0011-654x490.jpg\" class=\"attachment-themetechmount-img-blog-top size-themetechmount-img-blog-top wp-post-image\" alt=\"\" data-id=\"8244\" \/><\/a><\/div>\t\t\t\t<div class=\"tm-box-post-date\">\n\t\t\t\t\t<span>17<\/span>\n\t\t\t\t\tJan\t\t\t\t<\/div>\t\n\t\t\t\t<div class=\"tm-blog-overlay-iconbox\">\n\t\t\t\t\t<a href=\"https:\/\/ci.ccediaf.org\/?p=8243\" rel=\"bookmark\"><i class=\"tm-anomica-icon-plus-1\"><\/i><\/a>\n\t\t\t\t<\/div>\n\t\t\t<\/div>\t\t\n\t\t\t<div class=\"themetechmount-box-desc\">\n\t\t\t\t<div class=\"entry-header\">\n\t\t\t\t\t<div class=\"themetechmount-box-title\"><h4><a href=\"https:\/\/ci.ccediaf.org\/?p=8243\">RENCONTRE AVEC LA SGA DU GOUVERNEMENT NIGERIEN<\/a><\/h4><\/div>\t\t\t\t\t<div class=\"tm-entry-meta-wrapper\"><div class=\"entry-meta tm-entry-meta tm-entry-meta-blogbox\"><span class=\"tm-meta-line byline\"><i class=\"fa fa-user\"><\/i> <span class=\"author vcard\"><span class=\"screen-reader-text tm-hide\">Author <\/span><a class=\"url fn n\" href=\"https:\/\/ci.ccediaf.org\/?author=88\">CCEDIAF CI<\/a><\/span><\/span><\/div><\/div>\t\t\t\t<\/div>\t\t\n\t\t\t\t<div class=\"themetechmount-box-desc-text\">Apr\u00e8s la rencontre avec monsieur le Consul Honoraire de C\u00f4te d\u2019Ivoire au Niger, la d\u00e9l\u00e9gation...<\/div>\n\t\t\t    <div class=\"themetechmount-box-desc-footer\">\n\t\t\t\t\t<div class=\"themetechmount-blogbox-desc-footer\">\n\t\t\t\t\t\t\t\t\t\t\t<\/div>\n\t\t\t\t<\/div>\t\t\n\t\t\t<\/div>\n        <\/div>\n\t<\/div>\n<\/article>\n<\/div>\n\t\t\t<\/div>\n\n\t\t\t<\/div><!-- .themetechmount-boxes-inner -->   <\/div><!-- .themetechmount-boxes -->  \t\t<\/div>\n\t\t\t\t<\/div>\n\t\t\t\t\t<\/div>\n\t\t<\/div>\n\t\t\t\t\t<\/div>\n\t\t<\/section>\n\t\t\t\t<\/div>\n\t\t","protected":false},"excerpt":{"rendered":"<p>Consultez nos derni\u00e8res nouvelles 25 Jan DIASPORA IVOIRIENNE DU NIGER Author moro Rencontre ce mercredi 18-01-2023 entre la d\u00e9l\u00e9gation du CCEDIAF CI et la communaut\u00e9 des Ivoiriens&#8230; 18 Jan DIASPORA IVOIRIENNE DU NIGER Author Ismaela Rencontre ce mercredi 18-01-2023 entre la d\u00e9l\u00e9gation du CCEDIAF CI et la communaut\u00e9 des Ivoiriens&#8230; 17 Jan RENCONTRE AVEC LA &hellip; <a href=\"https:\/\/ci.ccediaf.org\/?p=8243\" class=\"more-link\">Continue reading <span class=\"screen-reader-text\">RENCONTRE AVEC LA SGA DU GOUVERNEMENT NIGERIEN<\/span><\/a><\/p>\n","protected":false},"author":87,"featured_media":0,"parent":0,"menu_order":0,"comment_status":"closed","ping_status":"closed","template":"","meta":{"_monsterinsights_skip_tracking":false,"_monsterinsights_sitenote_active":false,"_monsterinsights_sitenote_note":"","_monsterinsights_sitenote_category":0,"_view_id":"","footnotes":""},"class_list":["post-8318","page","type-page","status-publish","hentry"],"_links":{"self":[{"href":"https:\/\/ci.ccediaf.org\/index.php?rest_route=\/wp\/v2\/pages\/8318"}],"collection":[{"href":"https:\/\/ci.ccediaf.org\/index.php?rest_route=\/wp\/v2\/pages"}],"about":[{"href":"https:\/\/ci.ccediaf.org\/index.php?rest_route=\/wp\/v2\/types\/page"}],"author":[{"embeddable":true,"href":"https:\/\/ci.ccediaf.org\/index.php?rest_route=\/wp\/v2\/users\/87"}],"replies":[{"embeddable":true,"href":"https:\/\/ci.ccediaf.org\/index.php?rest_route=%2Fwp%2Fv2%2Fcomments&post=8318"}],"version-history":[{"count":16,"href":"https:\/\/ci.ccediaf.org\/index.php?rest_route=\/wp\/v2\/pages\/8318\/revisions"}],"predecessor-version":[{"id":8455,"href":"https:\/\/ci.ccediaf.org\/index.php?rest_route=\/wp\/v2\/pages\/8318\/revisions\/8455"}],"wp:attachment":[{"href":"https:\/\/ci.ccediaf.org\/index.php?rest_route=%2Fwp%2Fv2%2Fmedia&parent=8318"}],"curies":[{"name":"wp","href":"https:\/\/api.w.org\/{rel}","templated":true}]}}